
{"id":112,"date":"2019-11-25T09:53:30","date_gmt":"2019-11-25T08:53:30","guid":{"rendered":"http:\/\/test78.muenchen.de\/bauzentrum\/?page_id=109"},"modified":"2025-04-16T15:05:26","modified_gmt":"2025-04-16T13:05:26","slug":"partner_innenveranstaltungen","status":"publish","type":"page","link":"https:\/\/veranstaltungen.muenchen.de\/bauzentrum\/partner_innenveranstaltungen\/","title":{"rendered":"Veranstaltungen unserer Partner*innen"},"content":{"rendered":"\n<p><\/p>\n\n\n<div class=\"em em-view-container\" id=\"em-view-1113883728\" data-view=\"list-grouped\">\r\n\t<div class=\"em em-list em-events-list em-events-list-grouped\" id=\"em-events-list-grouped-1113883728\">\r\n\t<div class=\"css-events-month\"><h2>April 2026 <\/h2><table cellpadding=\"0\" cellspacing=\"0\" class=\"events-table\" >\r\n<thead>\r\n<tr>\r\n<th class=\"event-time\" width=\"150\">Datum<\/th>\r\n<th class=\"event-description\" width=\"*\">Veranstaltung<\/th>\r\n<\/tr>\r\n<\/thead>\r\n<tbody>\r\n    <tbody><tr>\r\n     <td>\r\n         28.04.2026\r\n     <\/td>\r\n     <td>\r\n         <a href=\"https:\/\/veranstaltungen.muenchen.de\/bauzentrum\/veranstaltungen\/deutsche-gesellschaft-fuer-die-vereinten-nationen-e-v-innovation-nachhaltigkeit-wirtschaft-kreislaufwirtschaft-als-beschleuniger-fuer-die-umsetzung-der-sdgs\/\">Online-Veranstaltung DGNV: Innovation, Nachhaltigkeit &amp; Wirtschaft: Kreislaufwirtschaft als Beschleuniger f\u00fcr die Umsetzung der SDGs?<\/a>\r\n     <\/td>\r\n<\/tr><tr>\r\n     <td>\r\n         30.04.2026\r\n     <\/td>\r\n     <td>\r\n         <a href=\"https:\/\/veranstaltungen.muenchen.de\/bauzentrum\/veranstaltungen\/mvhs-praesenz-veranstaltung-anbauen-und-modernisieren-mit-holz\/\">MVHS Pr\u00e4senz-Veranstaltung: Anbauen und Modernisieren mit Holz<\/a>\r\n     <\/td>\r\n<\/tr><\/tbody><\/table><\/div><div class=\"css-events-month\"><h2>Mai 2026 <\/h2><table cellpadding=\"0\" cellspacing=\"0\" class=\"events-table\" >\r\n<thead>\r\n<tr>\r\n<th class=\"event-time\" width=\"150\">Datum<\/th>\r\n<th class=\"event-description\" width=\"*\">Veranstaltung<\/th>\r\n<\/tr>\r\n<\/thead>\r\n<tbody>\r\n    <tbody><tr>\r\n     <td>\r\n         04.05.2026\r\n     <\/td>\r\n     <td>\r\n         <a href=\"https:\/\/veranstaltungen.muenchen.de\/bauzentrum\/veranstaltungen\/verbraucherzentrale-bayern-online-veranstaltung-gasheizung-am-scheideweg-moegliche-szenarien-der-zukuenftigen-gasnutzung-auch-im-zusammenhang-mit-der-kommunalen-waermeplanung\/\">Verbraucherzentrale Bayern Online-Veranstaltung: Gasheizung am Scheideweg: M\u00f6gliche Szenarien der zuk\u00fcnftigen Gasnutzung auch im Zusammenhang mit der kommunalen W\u00e4rmeplanung!<\/a>\r\n     <\/td>\r\n<\/tr><tr>\r\n     <td>\r\n         05.05.2026\r\n     <\/td>\r\n     <td>\r\n         <a href=\"https:\/\/veranstaltungen.muenchen.de\/bauzentrum\/veranstaltungen\/verbraucherzentrale-bayern-online-veranstaltung-waermepumpe-im-altbau-so-klappt-es-2\/\">Verbraucherzentrale Bayern Online-Veranstaltung: W\u00e4rmepumpe im Altbau \u2013 So klappt es!<\/a>\r\n     <\/td>\r\n<\/tr><tr>\r\n     <td>\r\n         06.05.2026\r\n     <\/td>\r\n     <td>\r\n         <a href=\"https:\/\/veranstaltungen.muenchen.de\/bauzentrum\/veranstaltungen\/mitbauzentrale-praesenz-veranstaltung-wohnen-in-genossenschaften-3\/\">mitbauzentrale Pr\u00e4senz-Veranstaltung: Wohnen in Genossenschaften<\/a>\r\n     <\/td>\r\n<\/tr><tr>\r\n     <td>\r\n         07.05.2026\r\n     <\/td>\r\n     <td>\r\n         <a href=\"https:\/\/veranstaltungen.muenchen.de\/bauzentrum\/veranstaltungen\/bayerische-architektenkammer-online-veranstaltung-dachraeume-schwerpunkt-wohnen-baurechtliche-und-baukonstruktive-planungsgrundlagen-4\/\">Bayerische Architektenkammer Online-Veranstaltung: Dachr\u00e4ume - Schwerpunkt Wohnen: Baurechtliche und baukonstruktive Planungsgrundlagen<\/a>\r\n     <\/td>\r\n<\/tr><tr>\r\n     <td>\r\n         07.05.2026\r\n     <\/td>\r\n     <td>\r\n         <a href=\"https:\/\/veranstaltungen.muenchen.de\/bauzentrum\/veranstaltungen\/verbraucherzentrale-bayern-online-veranstaltung-feuchter-keller-was-tun\/\">Verbraucherzentrale Bayern Online-Veranstaltung: Feuchter Keller - was tun?<\/a>\r\n     <\/td>\r\n<\/tr><tr>\r\n     <td>\r\n         10.05.2026\r\n     <\/td>\r\n     <td>\r\n         <a href=\"https:\/\/veranstaltungen.muenchen.de\/bauzentrum\/veranstaltungen\/rku-lbv-veranstaltung-langer-tag-der-stadtnatur\/\">RKU &amp; LBV Veranstaltung: Langer Tag der StadtNatur<\/a>\r\n     <\/td>\r\n<\/tr><tr>\r\n     <td>\r\n         11.05.2026\r\n     <\/td>\r\n     <td>\r\n         <a href=\"https:\/\/veranstaltungen.muenchen.de\/bauzentrum\/veranstaltungen\/verband-baubiologie-online-veranstaltung-geruchsleitwerte-fuer-die-innenraumluft-vom-sagunski-konzept-zur-aktuellen-uba-datenbasis\/\">Verband Baubiologie Online-Veranstaltung: Geruchsleitwerte f\u00fcr die Innenraumluft \u2013 vom Sagunski-Konzept zur aktuellen UBA-Datenbasis<\/a>\r\n     <\/td>\r\n<\/tr><tr>\r\n     <td>\r\n         11.05.2026\r\n     <\/td>\r\n     <td>\r\n         <a href=\"https:\/\/veranstaltungen.muenchen.de\/bauzentrum\/veranstaltungen\/mitbauzentrale-praesenz-veranstaltung-wohnprojekt-starten\/\">mitbauzentrale Pr\u00e4senz-Veranstaltung: Wohnprojekt starten<\/a>\r\n     <\/td>\r\n<\/tr><tr>\r\n     <td>\r\n         12.05.2026\r\n     <\/td>\r\n     <td>\r\n         <a href=\"https:\/\/veranstaltungen.muenchen.de\/bauzentrum\/veranstaltungen\/verbraucherzentrale-bayern-online-veranstaltung-sanierung-und-heizung-foerderlandschaft-im-ueberblick-5\/\">Verbraucherzentrale Bayern Online-Veranstaltung:  Sanierung und Heizung - F\u00f6rderlandschaft im \u00dcberblick<\/a>\r\n     <\/td>\r\n<\/tr><tr>\r\n     <td>\r\n         15.05.2026\r\n     <\/td>\r\n     <td>\r\n         <a href=\"https:\/\/veranstaltungen.muenchen.de\/bauzentrum\/veranstaltungen\/solar2030-praesenz-veranstaltung-stammtisch-solar2030-e-v-12\/\">Solar2030 Pr\u00e4senz-Veranstaltung: Stammtisch Solar2030 e.V.<\/a>\r\n     <\/td>\r\n<\/tr><tr>\r\n     <td>\r\n         19.05.2026\r\n     <\/td>\r\n     <td>\r\n         <a href=\"https:\/\/veranstaltungen.muenchen.de\/bauzentrum\/veranstaltungen\/verbraucherzentrale-bayern-online-veranstaltung-energetische-sanierung-der-gebaeudehuelle-vom-keller-bis-zum-dach\/\">Verbraucherzentrale Bayern Online-Veranstaltung: Energetische Sanierung der Geb\u00e4udeh\u00fclle - Vom Keller bis zum Dach<\/a>\r\n     <\/td>\r\n<\/tr><tr>\r\n     <td>\r\n         20.05.2026\r\n     <\/td>\r\n     <td>\r\n         <a href=\"https:\/\/veranstaltungen.muenchen.de\/bauzentrum\/veranstaltungen\/verbraucherzentrale-bayern-online-veranstaltung-schimmel-vermeiden-und-beseitigen-wie-heize-und-luefte-ich-richtig-3\/\">Verbraucherzentrale Bayern Online-Veranstaltung: Schimmel vermeiden und beseitigen: Wie heize und l\u00fcfte ich richtig?<\/a>\r\n     <\/td>\r\n<\/tr><tr>\r\n     <td>\r\n         21.05.2026\r\n     <\/td>\r\n     <td>\r\n         <a href=\"https:\/\/veranstaltungen.muenchen.de\/bauzentrum\/veranstaltungen\/bayerische-architektenkammer-online-veranstaltung-ki-kompetenz-aufbauen-teil-1\/\">Bayerische Architektenkammer Online-Veranstaltung: KI-Kompetenz aufbauen Teil 1<\/a>\r\n     <\/td>\r\n<\/tr><tr>\r\n     <td>\r\n         21.05.2026\r\n     <\/td>\r\n     <td>\r\n         <a href=\"https:\/\/veranstaltungen.muenchen.de\/bauzentrum\/veranstaltungen\/verbraucherzentrale-bayern-online-veranstaltung-heizungserneuerung-wie-packt-mans-richtig-an-7\/\">Verbraucherzentrale Bayern Online-Veranstaltung: Heizungserneuerung: Wie packt man\u2019s richtig an?<\/a>\r\n     <\/td>\r\n<\/tr><tr>\r\n     <td>\r\n         22.05.2026\r\n     <\/td>\r\n     <td>\r\n         <a href=\"https:\/\/veranstaltungen.muenchen.de\/bauzentrum\/veranstaltungen\/bayerische-architektenkammer-online-veranstaltung-ki-kompetenz-aufbauen-teil-2\/\">Bayerische Architektenkammer Online-Veranstaltung: KI-Kompetenz aufbauen Teil 2<\/a>\r\n     <\/td>\r\n<\/tr><tr>\r\n     <td>\r\n         22.05.2026\r\n     <\/td>\r\n     <td>\r\n         <a href=\"https:\/\/veranstaltungen.muenchen.de\/bauzentrum\/veranstaltungen\/verbraucherzentrale-bayern-online-veranstaltung-ihre-heizkostenabrechnung-verstehen-und-pruefen-5\/\">Verbraucherzentrale Bayern Online-Veranstaltung:  Ihre Heizkostenabrechnung verstehen und pr\u00fcfen!<\/a>\r\n     <\/td>\r\n<\/tr><tr>\r\n     <td>\r\n         24.05.2026\r\n     <\/td>\r\n     <td>\r\n         <a href=\"https:\/\/veranstaltungen.muenchen.de\/bauzentrum\/veranstaltungen\/leocor-veranstaltung-solarcamp-muenchen-2\/\">Leocor Veranstaltung: Solarcamp M\u00fcnchen<\/a>\r\n     <\/td>\r\n<\/tr><tr>\r\n     <td>\r\n         28.05.2026\r\n     <\/td>\r\n     <td>\r\n         <a href=\"https:\/\/veranstaltungen.muenchen.de\/bauzentrum\/veranstaltungen\/verbraucherzentrale-bayern-online-veranstaltung-solarstrom-selbst-erzeugen-mit-pv-kleinstanlagen-4\/\">Verbraucherzentrale Bayern Online-Veranstaltung:  Solarstrom selbst erzeugen mit PV-Kleinstanlagen<\/a>\r\n     <\/td>\r\n<\/tr><\/tbody><\/table><\/div><div class=\"css-events-month\"><h2>Juni 2026 <\/h2><table cellpadding=\"0\" cellspacing=\"0\" class=\"events-table\" >\r\n<thead>\r\n<tr>\r\n<th class=\"event-time\" width=\"150\">Datum<\/th>\r\n<th class=\"event-description\" width=\"*\">Veranstaltung<\/th>\r\n<\/tr>\r\n<\/thead>\r\n<tbody>\r\n    <tbody><tr>\r\n     <td>\r\n         09.06.2026\r\n     <\/td>\r\n     <td>\r\n         <a href=\"https:\/\/veranstaltungen.muenchen.de\/bauzentrum\/veranstaltungen\/bayerische-architektenkammer-online-veranstaltung-gruene-stadt-der-zukunft-klimaresiliente-quartiere-3\/\">Bayerische Architektenkammer Online-Veranstaltung: Gr\u00fcne Stadt der Zukunft - Klimaresiliente Quartiere<\/a>\r\n     <\/td>\r\n<\/tr><tr>\r\n     <td>\r\n         09.06.2026\r\n     <\/td>\r\n     <td>\r\n         <a href=\"https:\/\/veranstaltungen.muenchen.de\/bauzentrum\/veranstaltungen\/bayerische-architektenkammer-praesenz-veranstaltung-holz-hybridbau-gebaeudehuelle-brand-und-schallschutz-beim-mehrgeschossigen-holzbau-4\/\">Bayerische Architektenkammer Pr\u00e4senz-Veranstaltung: Holz-Hybridbau - Geb\u00e4udeh\u00fclle, Brand- und Schallschutz beim mehrgeschossigen Holzbau<\/a>\r\n     <\/td>\r\n<\/tr><tr>\r\n     <td>\r\n         10.06.2026\r\n     <\/td>\r\n     <td>\r\n         <a href=\"https:\/\/veranstaltungen.muenchen.de\/bauzentrum\/veranstaltungen\/mitbauzentrale-praesenz-veranstaltung-wohnprojekte-finanzieren-4\/\">mitbauzentrale Pr\u00e4senz-Veranstaltung: Wohnprojekte finanzieren<\/a>\r\n     <\/td>\r\n<\/tr><tr>\r\n     <td>\r\n         11.06.2026\r\n     <\/td>\r\n     <td>\r\n         <a href=\"https:\/\/veranstaltungen.muenchen.de\/bauzentrum\/veranstaltungen\/bayerische-architektenkammer-online-veranstaltung-ki-im-planungsbuero-kompetent-vermitteln\/\">Bayerische Architektenkammer Online-Veranstaltung: KI im Planungsb\u00fcro kompetent vermitteln<\/a>\r\n     <\/td>\r\n<\/tr><tr>\r\n     <td>\r\n         15.06.2026\r\n     <\/td>\r\n     <td>\r\n         <a href=\"https:\/\/veranstaltungen.muenchen.de\/bauzentrum\/veranstaltungen\/mitbauzentrale-praesenz-veranstaltung-mietshaeuser-syndikat-5\/\">mitbauzentrale Pr\u00e4senz-Veranstaltung: Mietsh\u00e4user Syndikat<\/a>\r\n     <\/td>\r\n<\/tr><tr>\r\n     <td>\r\n         24.06.2026\r\n     <\/td>\r\n     <td>\r\n         <a href=\"https:\/\/veranstaltungen.muenchen.de\/bauzentrum\/veranstaltungen\/bayerische-architektenkammer-praesenz-veranstaltung-barrierefreies-bauen-nach-artikel-48-der-bayerischen-bauordnung\/\">Bayerische Architektenkammer Pr\u00e4senz-Veranstaltung: Barrierefreies Bauen nach Artikel 48 der Bayerischen Bauordnung<\/a>\r\n     <\/td>\r\n<\/tr><\/tbody><\/table><\/div><div class=\"css-events-month\"><h2>Juli 2026 <\/h2><table cellpadding=\"0\" cellspacing=\"0\" class=\"events-table\" >\r\n<thead>\r\n<tr>\r\n<th class=\"event-time\" width=\"150\">Datum<\/th>\r\n<th class=\"event-description\" width=\"*\">Veranstaltung<\/th>\r\n<\/tr>\r\n<\/thead>\r\n<tbody>\r\n    <tbody><tr>\r\n     <td>\r\n         03.07.2026\r\n     <\/td>\r\n     <td>\r\n         <a href=\"https:\/\/veranstaltungen.muenchen.de\/bauzentrum\/veranstaltungen\/bayerische-architektenkammer-online-veranstaltung-wohnungen-barrierefrei-gestalten-6\/\">Bayerische Architektenkammer Online-Veranstaltung: Wohnungen barrierefrei gestalten<\/a>\r\n     <\/td>\r\n<\/tr><tr>\r\n     <td>\r\n         07.07.2026\r\n     <\/td>\r\n     <td>\r\n         <a href=\"https:\/\/veranstaltungen.muenchen.de\/bauzentrum\/veranstaltungen\/bayerische-architektenkammer-online-veranstaltung-einfache-oekobilanzierung-lca-und-kostenanalyse-in-fruehen-planungsphasen-mit-bki\/\">Bayerische Architektenkammer Online-Veranstaltung: Einfache \u00d6kobilanzierung (LCA) und Kostenanalyse in fr\u00fchen Planungsphasen mit BKI<\/a>\r\n     <\/td>\r\n<\/tr><tr>\r\n     <td>\r\n         13.07.2026\r\n     <\/td>\r\n     <td>\r\n         <a href=\"https:\/\/veranstaltungen.muenchen.de\/bauzentrum\/veranstaltungen\/verband-baubiologie-online-veranstaltung-den-werten-vertrauen-akkreditierte-labordaten-sicher-bewerten\/\">Verband Baubiologie Online-Veranstaltung: Den Werten vertrauen \u2013 akkreditierte Labordaten sicher bewerten<\/a>\r\n     <\/td>\r\n<\/tr><tr>\r\n     <td>\r\n         21.07.2026\r\n     <\/td>\r\n     <td>\r\n         <a href=\"https:\/\/veranstaltungen.muenchen.de\/bauzentrum\/veranstaltungen\/bayerische-architektenkammer-online-veranstaltung-ki-kompetenz-aufbauen-teil-1-2\/\">Bayerische Architektenkammer Online-Veranstaltung: KI-Kompetenz aufbauen Teil 1<\/a>\r\n     <\/td>\r\n<\/tr><tr>\r\n     <td>\r\n         21.07.2026\r\n     <\/td>\r\n     <td>\r\n         <a href=\"https:\/\/veranstaltungen.muenchen.de\/bauzentrum\/veranstaltungen\/bayerische-architektenkammer-online-veranstaltung-regenwassermanagement-und-bauwerksbegruenung-5\/\">Bayerische Architektenkammer Online-Veranstaltung: Regenwassermanagement und Bauwerksbegr\u00fcnung<\/a>\r\n     <\/td>\r\n<\/tr><tr>\r\n     <td>\r\n         23.07.2026\r\n     <\/td>\r\n     <td>\r\n         <a href=\"https:\/\/veranstaltungen.muenchen.de\/bauzentrum\/veranstaltungen\/bayerische-architektenkammer-online-veranstaltung-ki-kompetenz-aufbauen-teil-2-2\/\">Bayerische Architektenkammer Online-Veranstaltung: KI-Kompetenz aufbauen Teil 2<\/a>\r\n     <\/td>\r\n<\/tr><tr>\r\n     <td>\r\n         24.07.2026\r\n     <\/td>\r\n     <td>\r\n         <a href=\"https:\/\/veranstaltungen.muenchen.de\/bauzentrum\/veranstaltungen\/bayerische-architektenkammer-online-veranstaltung-holzbauloesungen-fuer-die-gebaeudemodernisierung-7\/\">Bayerische Architektenkammer Online-Veranstaltung: Holzbaul\u00f6sungen f\u00fcr die Geb\u00e4udemodernisierung<\/a>\r\n     <\/td>\r\n<\/tr><tr>\r\n     <td>\r\n         26.07.2026\r\n     <\/td>\r\n     <td>\r\n         <a href=\"https:\/\/veranstaltungen.muenchen.de\/bauzentrum\/veranstaltungen\/netzwerk-klimaherbst-veranstaltung-klimadult-2026\/\">Netzwerk Klimaherbst Veranstaltung: KlimaDult 2026<\/a>\r\n     <\/td>\r\n<\/tr><tr>\r\n     <td>\r\n         28.07.2026\r\n     <\/td>\r\n     <td>\r\n         <a href=\"https:\/\/veranstaltungen.muenchen.de\/bauzentrum\/veranstaltungen\/bayerische-architektenkammer-praesenz-veranstaltung-akustische-und-normative-grundlagen-in-raumakustik-und-schallschutz\/\">Bayerische Architektenkammer Pr\u00e4senz-Veranstaltung: Akustische und normative Grundlagen in Raumakustik und Schallschutz<\/a>\r\n     <\/td>\r\n<\/tr><tr>\r\n     <td>\r\n         28.07.2026\r\n     <\/td>\r\n     <td>\r\n         <a href=\"https:\/\/veranstaltungen.muenchen.de\/bauzentrum\/veranstaltungen\/bayerische-architektenkammer-praesenz-veranstaltung-bauschaeden-vermeiden-fehlerfreies-planen-unter-anwendung-der-anerkannten-regeln-der-technik-2\/\">Bayerische Architektenkammer Pr\u00e4senz-Veranstaltung: Bausch\u00e4den vermeiden: Fehlerfreies Planen unter Anwendung der anerkannten Regeln der Technik<\/a>\r\n     <\/td>\r\n<\/tr><\/tbody><\/table><\/div><div class=\"css-events-month\"><h2>September 2026 <\/h2><table cellpadding=\"0\" cellspacing=\"0\" class=\"events-table\" >\r\n<thead>\r\n<tr>\r\n<th class=\"event-time\" width=\"150\">Datum<\/th>\r\n<th class=\"event-description\" width=\"*\">Veranstaltung<\/th>\r\n<\/tr>\r\n<\/thead>\r\n<tbody>\r\n    <tbody><tr>\r\n     <td>\r\n         22.09.2026\r\n     <\/td>\r\n     <td>\r\n         <a href=\"https:\/\/veranstaltungen.muenchen.de\/bauzentrum\/veranstaltungen\/bayerische-architektenkammer-online-veranstaltung-ki-kompetenz-aufbauen-teil-1-4\/\">Bayerische Architektenkammer Online-Veranstaltung: KI-Kompetenz aufbauen Teil 1<\/a>\r\n     <\/td>\r\n<\/tr><tr>\r\n     <td>\r\n         24.09.2026\r\n     <\/td>\r\n     <td>\r\n         <a href=\"https:\/\/veranstaltungen.muenchen.de\/bauzentrum\/veranstaltungen\/bayerische-architektenkammer-online-veranstaltung-ki-kompetenz-aufbauen-teil-2-3\/\">Bayerische Architektenkammer Online-Veranstaltung: KI-Kompetenz aufbauen Teil 2<\/a>\r\n     <\/td>\r\n<\/tr><tr>\r\n     <td>\r\n         29.09.2026\r\n     <\/td>\r\n     <td>\r\n         <a href=\"https:\/\/veranstaltungen.muenchen.de\/bauzentrum\/veranstaltungen\/bayerische-architektenkammer-online-veranstaltung-ki-im-planungsbuero-kompetent-vermitteln-2\/\">Bayerische Architektenkammer Online-Veranstaltung: KI im Planungsb\u00fcro kompetent vermitteln<\/a>\r\n     <\/td>\r\n<\/tr><\/tbody><\/table><\/div><div class=\"css-events-month\"><h2>Oktober 2026 <\/h2><table cellpadding=\"0\" cellspacing=\"0\" class=\"events-table\" >\r\n<thead>\r\n<tr>\r\n<th class=\"event-time\" width=\"150\">Datum<\/th>\r\n<th class=\"event-description\" width=\"*\">Veranstaltung<\/th>\r\n<\/tr>\r\n<\/thead>\r\n<tbody>\r\n    <tbody><tr>\r\n     <td>\r\n         08.10.2026\r\n     <\/td>\r\n     <td>\r\n         <a href=\"https:\/\/veranstaltungen.muenchen.de\/bauzentrum\/veranstaltungen\/bayerische-architektenkammer-online-veranstaltung-bauen-fuer-aeltere-menschen-4\/\">Bayerische Architektenkammer Online-Veranstaltung: Bauen f\u00fcr \u00e4ltere Menschen<\/a>\r\n     <\/td>\r\n<\/tr><tr>\r\n     <td>\r\n         08.10.2026\r\n     <\/td>\r\n     <td>\r\n         <a href=\"https:\/\/veranstaltungen.muenchen.de\/bauzentrum\/veranstaltungen\/bayerische-architektenkammer-praesenz-veranstaltung-bauschaeden-vermeiden-bauteilseminar-dach-2\/\">Bayerische Architektenkammer Pr\u00e4senz-Veranstaltung: Bausch\u00e4den vermeiden: Bauteilseminar Dach<\/a>\r\n     <\/td>\r\n<\/tr><tr>\r\n     <td>\r\n         14.10.2026\r\n     <\/td>\r\n     <td>\r\n         <a href=\"https:\/\/veranstaltungen.muenchen.de\/bauzentrum\/veranstaltungen\/bayerische-architektenkammer-online-veranstaltung-dachraeume-schwerpunkt-wohnen\/\">Bayerische Architektenkammer Online-Veranstaltung: Infoabend: Energieeffizienz-Planer Wohngeb\u00e4ude<\/a>\r\n     <\/td>\r\n<\/tr><tr>\r\n     <td>\r\n         20.10.2026\r\n     <\/td>\r\n     <td>\r\n         <a href=\"https:\/\/veranstaltungen.muenchen.de\/bauzentrum\/veranstaltungen\/bayerische-architektenkammer-online-veranstaltung-mehrgeschossiger-wohnungsbau-aus-holz-9\/\">Bayerische Architektenkammer Online-Veranstaltung: Mehrgeschossiger Wohnungsbau aus Holz<\/a>\r\n     <\/td>\r\n<\/tr><tr>\r\n     <td>\r\n         21.10.2026\r\n     <\/td>\r\n     <td>\r\n         <a href=\"https:\/\/veranstaltungen.muenchen.de\/bauzentrum\/veranstaltungen\/bayerische-architektenkammer-online-veranstaltung-bodenaushub-als-ressource-4\/\">Bayerische Architektenkammer Online-Veranstaltung: Bodenaushub als Ressource<\/a>\r\n     <\/td>\r\n<\/tr><tr>\r\n     <td>\r\n         29.10.2026\r\n     <\/td>\r\n     <td>\r\n         <a href=\"https:\/\/veranstaltungen.muenchen.de\/bauzentrum\/veranstaltungen\/bayerische-architektenkammer-online-veranstaltung-ki-kompetenz-aufbauen-teil-1-3\/\">Bayerische Architektenkammer Online-Veranstaltung: KI-Kompetenz aufbauen Teil 1<\/a>\r\n     <\/td>\r\n<\/tr><tr>\r\n     <td>\r\n         30.10.2026\r\n     <\/td>\r\n     <td>\r\n         <a href=\"https:\/\/veranstaltungen.muenchen.de\/bauzentrum\/veranstaltungen\/bayerische-architektenkammer-online-veranstaltung-ki-kompetenz-aufbauen-teil-2-4\/\">Bayerische Architektenkammer Online-Veranstaltung: KI-Kompetenz aufbauen Teil 2<\/a>\r\n     <\/td>\r\n<\/tr><\/tbody><\/table><\/div><div class=\"css-events-month\"><h2>November 2026 <\/h2><table cellpadding=\"0\" cellspacing=\"0\" class=\"events-table\" >\r\n<thead>\r\n<tr>\r\n<th class=\"event-time\" width=\"150\">Datum<\/th>\r\n<th class=\"event-description\" width=\"*\">Veranstaltung<\/th>\r\n<\/tr>\r\n<\/thead>\r\n<tbody>\r\n    <tbody><tr>\r\n     <td>\r\n         10.11.2026\r\n     <\/td>\r\n     <td>\r\n         <a href=\"https:\/\/veranstaltungen.muenchen.de\/bauzentrum\/veranstaltungen\/bayerische-architektenkammer-online-veranstaltung-ki-im-planungsbuero-kompetent-vermitteln-3\/\">Bayerische Architektenkammer Online-Veranstaltung: KI im Planungsb\u00fcro kompetent vermitteln<\/a>\r\n     <\/td>\r\n<\/tr><tr>\r\n     <td>\r\n         18.11.2026\r\n     <\/td>\r\n     <td>\r\n         <a href=\"https:\/\/veranstaltungen.muenchen.de\/bauzentrum\/veranstaltungen\/bayerische-architektenkammer-online-veranstaltung-strohgedaemmter-holzbau-einfuehrung-in-die-planung-2\/\">Bayerische Architektenkammer Online-Veranstaltung: Strohged\u00e4mmter Holzbau: Einf\u00fchrung in die Planung<\/a>\r\n     <\/td>\r\n<\/tr><\/tbody><\/table><\/div><div class=\"css-events-month\"><h2>Dezember 2026 <\/h2><table cellpadding=\"0\" cellspacing=\"0\" class=\"events-table\" >\r\n<thead>\r\n<tr>\r\n<th class=\"event-time\" width=\"150\">Datum<\/th>\r\n<th class=\"event-description\" width=\"*\">Veranstaltung<\/th>\r\n<\/tr>\r\n<\/thead>\r\n<tbody>\r\n    <tbody><tr>\r\n     <td>\r\n         02.12.2026\r\n     <\/td>\r\n     <td>\r\n         <a href=\"https:\/\/veranstaltungen.muenchen.de\/bauzentrum\/veranstaltungen\/bayerische-architektenkammer-online-veranstaltung-bauschaeden-vermeiden-bautechnik-bei-freianlagen-2\/\">Bayerische Architektenkammer Online-Veranstaltung: Bausch\u00e4den vermeiden: Bautechnik bei Freianlagen<\/a>\r\n     <\/td>\r\n<\/tr><tr>\r\n     <td>\r\n         11.12.2026\r\n     <\/td>\r\n     <td>\r\n         <a href=\"https:\/\/veranstaltungen.muenchen.de\/bauzentrum\/veranstaltungen\/bayerische-architektenkammer-online-veranstaltung-ki-kompetenz-aufbauen-teil-2-5\/\">Bayerische Architektenkammer Online-Veranstaltung: KI-Kompetenz aufbauen Teil 2<\/a>\r\n     <\/td>\r\n<\/tr><\/tbody><\/table><\/div>\t<\/div>\r\n<\/div>\n","protected":false},"excerpt":{"rendered":"","protected":false},"author":3,"featured_media":0,"parent":0,"menu_order":0,"comment_status":"closed","ping_status":"closed","template":"","meta":{"footnotes":""},"class_list":["post-112","page","type-page","status-publish","hentry"],"_links":{"self":[{"href":"https:\/\/veranstaltungen.muenchen.de\/bauzentrum\/wp-json\/wp\/v2\/pages\/112"}],"collection":[{"href":"https:\/\/veranstaltungen.muenchen.de\/bauzentrum\/wp-json\/wp\/v2\/pages"}],"about":[{"href":"https:\/\/veranstaltungen.muenchen.de\/bauzentrum\/wp-json\/wp\/v2\/types\/page"}],"author":[{"embeddable":true,"href":"https:\/\/veranstaltungen.muenchen.de\/bauzentrum\/wp-json\/wp\/v2\/users\/3"}],"replies":[{"embeddable":true,"href":"https:\/\/veranstaltungen.muenchen.de\/bauzentrum\/wp-json\/wp\/v2\/comments?post=112"}],"version-history":[{"count":9,"href":"https:\/\/veranstaltungen.muenchen.de\/bauzentrum\/wp-json\/wp\/v2\/pages\/112\/revisions"}],"predecessor-version":[{"id":3900,"href":"https:\/\/veranstaltungen.muenchen.de\/bauzentrum\/wp-json\/wp\/v2\/pages\/112\/revisions\/3900"}],"wp:attachment":[{"href":"https:\/\/veranstaltungen.muenchen.de\/bauzentrum\/wp-json\/wp\/v2\/media?parent=112"}],"curies":[{"name":"wp","href":"https:\/\/api.w.org\/{rel}","templated":true}]}}